{"id":757,"date":"2023-11-17T11:41:12","date_gmt":"2023-11-17T10:41:12","guid":{"rendered":"https:\/\/cura-vita.school\/?page_id=757"},"modified":"2023-11-28T17:18:55","modified_gmt":"2023-11-28T16:18:55","slug":"cura-vita","status":"publish","type":"page","link":"https:\/\/cura-vita.school\/index.php\/cura-vita\/","title":{"rendered":"Qui sommes-nous ?"},"content":{"rendered":"\t\t<div data-elementor-type=\"wp-page\" data-elementor-id=\"757\" class=\"elementor elementor-757\">\n\t\t\t\t<div class=\"elementor-element elementor-element-b8bddea cv-header e-flex e-con-boxed wpr-particle-no wpr-jarallax-no wpr-parallax-no wpr-sticky-section-no e-con e-parent\" data-id=\"b8bddea\" data-element_type=\"container\" data-settings=\"{&quot;background_background&quot;:&quot;classic&quot;}\">\n\t\t\t\t\t<div class=\"e-con-inner\">\n\t\t\t\t\t<\/div>\n\t\t\t\t<\/div>\n\t\t<div class=\"elementor-element elementor-element-dcc5b33 e-flex e-con-boxed wpr-particle-no wpr-jarallax-no wpr-parallax-no wpr-sticky-section-no e-con e-parent\" data-id=\"dcc5b33\" data-element_type=\"container\">\n\t\t\t\t\t<div class=\"e-con-inner\">\n\t\t<div class=\"elementor-element elementor-element-27ae296 e-con-full e-flex wpr-particle-no wpr-jarallax-no wpr-parallax-no wpr-sticky-section-no e-con e-child\" data-id=\"27ae296\" data-element_type=\"container\">\n\t\t\t\t<div class=\"elementor-element elementor-element-fddafad elementor-widget elementor-widget-heading\" data-id=\"fddafad\" data-element_type=\"widget\" data-widget_type=\"heading.default\">\n\t\t\t\t<div class=\"elementor-widget-container\">\n\t\t\t\t\t<h1 class=\"elementor-heading-title elementor-size-default\">Cura Vita<br> Qui sommes-nous ?<\/h1>\t\t\t\t<\/div>\n\t\t\t\t<\/div>\n\t\t\t\t<div class=\"elementor-element elementor-element-da69c40 elementor-widget elementor-widget-text-editor\" data-id=\"da69c40\" data-element_type=\"widget\" data-widget_type=\"text-editor.default\">\n\t\t\t\t<div class=\"elementor-widget-container\">\n\t\t\t\t\t\t\t\t\t<p>Cura Vita a \u00e9t\u00e9 cr\u00e9\u00e9e par le Docteur Jean-Philippe Richter, M\u00e9decine interne FMH, sp\u00e9cialiste en<br \/>Micronutrition, afin de partager son exp\u00e9rience de plus 35 ans d\u2019activit\u00e9 aupr\u00e8s des malades<\/p>\t\t\t\t\t\t\t\t<\/div>\n\t\t\t\t<\/div>\n\t\t<div class=\"elementor-element elementor-element-2af6df9 e-flex e-con-boxed wpr-particle-no wpr-jarallax-no wpr-parallax-no wpr-sticky-section-no e-con e-child\" data-id=\"2af6df9\" data-element_type=\"container\">\n\t\t\t\t\t<div class=\"e-con-inner\">\n\t\t<div class=\"elementor-element elementor-element-bcbc888 e-flex e-con-boxed wpr-particle-no wpr-jarallax-no wpr-parallax-no wpr-sticky-section-no e-con e-child\" data-id=\"bcbc888\" data-element_type=\"container\">\n\t\t\t\t\t<div class=\"e-con-inner\">\n\t\t\t\t<div class=\"elementor-element elementor-element-4809a4d elementor-widget elementor-widget-image\" data-id=\"4809a4d\" data-element_type=\"widget\" data-widget_type=\"image.default\">\n\t\t\t\t<div class=\"elementor-widget-container\">\n\t\t\t\t\t\t\t\t\t\t\t\t\t\t\t<img fetchpriority=\"high\" decoding=\"async\" width=\"580\" height=\"870\" src=\"https:\/\/cura-vita.school\/wp-content\/uploads\/2023\/11\/JP-Richter-683x1024.webp\" class=\"attachment-large size-large wp-image-1137\" alt=\"Docteur Richter\" srcset=\"https:\/\/cura-vita.school\/wp-content\/uploads\/2023\/11\/JP-Richter-683x1024.webp 683w, https:\/\/cura-vita.school\/wp-content\/uploads\/2023\/11\/JP-Richter-200x300.webp 200w, https:\/\/cura-vita.school\/wp-content\/uploads\/2023\/11\/JP-Richter-768x1151.webp 768w, https:\/\/cura-vita.school\/wp-content\/uploads\/2023\/11\/JP-Richter-1025x1536.webp 1025w, https:\/\/cura-vita.school\/wp-content\/uploads\/2023\/11\/JP-Richter-1366x2048.webp 1366w, https:\/\/cura-vita.school\/wp-content\/uploads\/2023\/11\/JP-Richter-1200x1799.webp 1200w, https:\/\/cura-vita.school\/wp-content\/uploads\/2023\/11\/JP-Richter-1980x2969.webp 1980w, https:\/\/cura-vita.school\/wp-content\/uploads\/2023\/11\/JP-Richter-scaled.webp 1708w\" sizes=\"(max-width: 580px) 100vw, 580px\" \/>\t\t\t\t\t\t\t\t\t\t\t\t\t\t\t<\/div>\n\t\t\t\t<\/div>\n\t\t\t\t\t<\/div>\n\t\t\t\t<\/div>\n\t\t<div class=\"elementor-element elementor-element-dcf6729 e-flex e-con-boxed wpr-particle-no wpr-jarallax-no wpr-parallax-no wpr-sticky-section-no e-con e-child\" data-id=\"dcf6729\" data-element_type=\"container\">\n\t\t\t\t\t<div class=\"e-con-inner\">\n\t\t\t\t<div class=\"elementor-element elementor-element-0475b48 elementor-widget elementor-widget-text-editor\" data-id=\"0475b48\" data-element_type=\"widget\" data-widget_type=\"text-editor.default\">\n\t\t\t\t<div class=\"elementor-widget-container\">\n\t\t\t\t\t\t\t\t\t<p>Son approche est holistique, \u00e0 l\u2019\u00e9coute du patient, orient\u00e9e vers une proposition th\u00e9rapeutique la plus naturelle possible. Tous les domaines sont abord\u00e9s, y compris l\u2019anti\u00e2ge, les diverses maladies, l\u2019activit\u00e9 sportive ou les maladies plus graves.<\/p><p>Notre implication en micronutrition et nos multiples sp\u00e9cialit\u00e9s obtenues en Suisse et en Europe (M\u00e9decine du Sport, Micronutrition, G\u00e9riatrie, M\u00e9decine morphologique et<br \/>anti\u00e2ge&#8230;) lui donne la possibilit\u00e9 d\u2019int\u00e9grer plusieurs approches simultan\u00e9es par un r\u00e9sultat le plus satisfaisant possible. Nous proposons ainsi dans cette \u00e9cole, une formation continue de Nutrith\u00e9rapie permettant :<\/p><ul><li>L\u2019obtention d\u2019un Dipl\u00f4me de Nutrith\u00e9rapeute, certifi\u00e9 Cerden &#8211; Cura Vita. Ce dipl\u00f4me b\u00e9n\u00e9ficie d\u2019une reconnaissance europ\u00e9enne.<\/li><li>L&#8217;acc\u00e8s au titre de &#8220;Conseiller en Nutrition&#8221; apr\u00e8s une ann\u00e9e pr\u00e9paratoire de remise \u00e0 niveau.<\/li><li>L&#8217;acc\u00e8s \u00e0 nombreuses formations continues agr\u00e9es par l\u2019ASCA et donnant des points de formation.<\/li><li>Une formation en hypnose.<\/li><\/ul><p style=\"text-align: right;\"><strong>Docteur Jean-Philippe Richter<\/strong><\/p>\t\t\t\t\t\t\t\t<\/div>\n\t\t\t\t<\/div>\n\t\t\t\t\t<\/div>\n\t\t\t\t<\/div>\n\t\t\t\t\t<\/div>\n\t\t\t\t<\/div>\n\t\t\t\t<\/div>\n\t\t\t\t\t<\/div>\n\t\t\t\t<\/div>\n\t\t<div class=\"elementor-element elementor-element-aaca77d e-flex e-con-boxed wpr-particle-no wpr-jarallax-no wpr-parallax-no wpr-sticky-section-no e-con e-parent\" data-id=\"aaca77d\" data-element_type=\"container\" data-settings=\"{&quot;background_background&quot;:&quot;classic&quot;,&quot;shape_divider_top&quot;:&quot;opacity-tilt&quot;,&quot;shape_divider_bottom&quot;:&quot;opacity-tilt&quot;}\">\n\t\t\t\t\t<div class=\"e-con-inner\">\n\t\t\t\t<div class=\"elementor-shape elementor-shape-top\" aria-hidden=\"true\" data-negative=\"false\">\n\t\t\t<svg xmlns=\"http:\/\/www.w3.org\/2000\/svg\" viewBox=\"0 0 2600 131.1\" preserveAspectRatio=\"none\">\n\t<path class=\"elementor-shape-fill\" d=\"M0 0L2600 0 2600 69.1 0 0z\"\/>\n\t<path class=\"elementor-shape-fill\" style=\"opacity:0.5\" d=\"M0 0L2600 0 2600 69.1 0 69.1z\"\/>\n\t<path class=\"elementor-shape-fill\" style=\"opacity:0.25\" d=\"M2600 0L0 0 0 130.1 2600 69.1z\"\/>\n<\/svg>\t\t<\/div>\n\t\t\t\t<div class=\"elementor-shape elementor-shape-bottom\" aria-hidden=\"true\" data-negative=\"false\">\n\t\t\t<svg xmlns=\"http:\/\/www.w3.org\/2000\/svg\" viewBox=\"0 0 2600 131.1\" preserveAspectRatio=\"none\">\n\t<path class=\"elementor-shape-fill\" d=\"M0 0L2600 0 2600 69.1 0 0z\"\/>\n\t<path class=\"elementor-shape-fill\" style=\"opacity:0.5\" d=\"M0 0L2600 0 2600 69.1 0 69.1z\"\/>\n\t<path class=\"elementor-shape-fill\" style=\"opacity:0.25\" d=\"M2600 0L0 0 0 130.1 2600 69.1z\"\/>\n<\/svg>\t\t<\/div>\n\t\t<div class=\"elementor-element elementor-element-d872f77 e-con-full e-flex wpr-particle-no wpr-jarallax-no wpr-parallax-no wpr-sticky-section-no e-con e-child\" data-id=\"d872f77\" data-element_type=\"container\">\n\t\t\t\t<div class=\"elementor-element elementor-element-aace63b elementor-widget elementor-widget-heading\" data-id=\"aace63b\" data-element_type=\"widget\" data-widget_type=\"heading.default\">\n\t\t\t\t<div class=\"elementor-widget-container\">\n\t\t\t\t\t<p class=\"elementor-heading-title elementor-size-default\">Besoin de plus d\u2019informations&nbsp;?<br> Vous souhaitez parler avec notre \u00e9quipe&nbsp;?<\/p>\t\t\t\t<\/div>\n\t\t\t\t<\/div>\n\t\t\t\t<div class=\"elementor-element elementor-element-9b3aa1d elementor-align-center elementor-invisible elementor-widget elementor-widget-button\" data-id=\"9b3aa1d\" data-element_type=\"widget\" data-settings=\"{&quot;_animation&quot;:&quot;fadeInUp&quot;}\" data-widget_type=\"button.default\">\n\t\t\t\t<div class=\"elementor-widget-container\">\n\t\t\t\t\t\t\t\t\t<div class=\"elementor-button-wrapper\">\n\t\t\t\t\t<a class=\"elementor-button elementor-button-link elementor-size-sm elementor-animation-grow\" href=\"https:\/\/cura-vita.school\/index.php\/contactez-nous\/\">\n\t\t\t\t\t\t<span class=\"elementor-button-content-wrapper\">\n\t\t\t\t\t\t\t\t\t<span class=\"elementor-button-text\">Contactez-nous<\/span>\n\t\t\t\t\t<\/span>\n\t\t\t\t\t<\/a>\n\t\t\t\t<\/div>\n\t\t\t\t\t\t\t\t<\/div>\n\t\t\t\t<\/div>\n\t\t\t\t<\/div>\n\t\t\t\t\t<\/div>\n\t\t\t\t<\/div>\n\t\t<div class=\"elementor-element elementor-element-83ed75a e-flex e-con-boxed wpr-particle-no wpr-jarallax-no wpr-parallax-no wpr-sticky-section-no e-con e-parent\" data-id=\"83ed75a\" data-element_type=\"container\">\n\t\t\t\t\t<div class=\"e-con-inner\">\n\t\t<div class=\"elementor-element elementor-element-fc77442 e-con-full e-flex wpr-particle-no wpr-jarallax-no wpr-parallax-no wpr-sticky-section-no e-con e-child\" data-id=\"fc77442\" data-element_type=\"container\">\n\t\t\t\t<div class=\"elementor-element elementor-element-3e41f08 elementor-widget elementor-widget-heading\" data-id=\"3e41f08\" data-element_type=\"widget\" data-widget_type=\"heading.default\">\n\t\t\t\t<div class=\"elementor-widget-container\">\n\t\t\t\t\t<h2 class=\"elementor-heading-title elementor-size-default\">Notre approche<\/h2>\t\t\t\t<\/div>\n\t\t\t\t<\/div>\n\t\t\t\t<div class=\"elementor-element elementor-element-358f37e elementor-widget elementor-widget-text-editor\" data-id=\"358f37e\" data-element_type=\"widget\" data-widget_type=\"text-editor.default\">\n\t\t\t\t<div class=\"elementor-widget-container\">\n\t\t\t\t\t\t\t\t\t<p>Cura Vita a pour objectif de proposer un enseignement de formation continue dans plusieurs domaines dont le principal est la nutrition-nutrith\u00e9rapie.<\/p>\t\t\t\t\t\t\t\t<\/div>\n\t\t\t\t<\/div>\n\t\t\t\t<div class=\"elementor-element elementor-element-3b8d8d6 elementor-widget elementor-widget-text-editor\" data-id=\"3b8d8d6\" data-element_type=\"widget\" data-widget_type=\"text-editor.default\">\n\t\t\t\t<div class=\"elementor-widget-container\">\n\t\t\t\t\t\t\t\t\t<p>Pour compl\u00e9ter son offre d\u2019enseignement et dans le m\u00eame objectif de sant\u00e9 optimale, Cura Vita propose un enseignement de formation continue en Hypnose.<\/p><p>Concernant la nutrith\u00e9rapie, les cours et l\u2019organisation logistique sont propos\u00e9s en collaboration directe avec le CERDEN\u00ae, Centre Europ\u00e9en pour la Recherche, le D\u00e9veloppement et l\u2019Enseignement de a Nutrition et de la Nutrith\u00e9rapie (M\u00e9decine Nutritionnelle) &#8211; CERDEN\u00ae &#8211; Association Internationale de type scientifique (membre FAIB).<\/p><p>Cura Vita agit notamment :<\/p><ul><li>par la formation des professionnels de la sant\u00e9 (organisation de s\u00e9minaires de formation, de post-graduates, de journ\u00e9es scientifiques, constitution d\u2019une banque de donn\u00e9es actualis\u00e9e en permanence, &#8230;),<\/li><li>par l\u2019information du grand public (formation professionnelle, conf\u00e9rences, distribution de documents d\u2019information, &#8230;),<\/li><li>par la sensibilisation des organismes concern\u00e9s par la sant\u00e9 publique<\/li><li>et par la stimulation de la recherche en nutrition, en nutrith\u00e9rapie, mais aussi en Hypnose.<\/li><\/ul>\t\t\t\t\t\t\t\t<\/div>\n\t\t\t\t<\/div>\n\t\t\t\t<\/div>\n\t\t\t\t\t<\/div>\n\t\t\t\t<\/div>\n\t\t\t\t<\/div>\n\t\t","protected":false},"excerpt":{"rendered":"<p>Cura Vita Qui sommes-nous ? Cura Vita a \u00e9t\u00e9 cr\u00e9\u00e9e par le Docteur Jean-Philippe Richter, M\u00e9decine interne FMH, sp\u00e9cialiste enMicronutrition, afin de partager son exp\u00e9rience de plus 35 ans d\u2019activit\u00e9 aupr\u00e8s des malades Son approche est holistique, \u00e0 l\u2019\u00e9coute du patient, orient\u00e9e vers une proposition th\u00e9rapeutique la plus naturelle possible. Tous les domaines sont abord\u00e9s, y compris l\u2019anti\u00e2ge, les diverses maladies, l\u2019activit\u00e9 sportive ou les maladies plus graves. Notre implication en micronutrition et nos multiples sp\u00e9cialit\u00e9s obtenues en Suisse et en Europe (M\u00e9decine du Sport, Micronutrition, G\u00e9riatrie, M\u00e9decine morphologique etanti\u00e2ge&#8230;) lui donne la possibilit\u00e9 d\u2019int\u00e9grer plusieurs approches simultan\u00e9es par un r\u00e9sultat le plus satisfaisant possible. Nous proposons ainsi dans cette \u00e9cole, une formation continue de Nutrith\u00e9rapie permettant : L\u2019obtention d\u2019un Dipl\u00f4me de Nutrith\u00e9rapeute, certifi\u00e9 Cerden &#8211; Cura Vita. Ce dipl\u00f4me b\u00e9n\u00e9ficie d\u2019une reconnaissance europ\u00e9enne. L&#8217;acc\u00e8s au titre de &#8220;Conseiller en Nutrition&#8221; apr\u00e8s une ann\u00e9e pr\u00e9paratoire de remise \u00e0 niveau. L&#8217;acc\u00e8s \u00e0 nombreuses formations continues agr\u00e9es par l\u2019ASCA et donnant des points de formation. Une formation en hypnose. Docteur Jean-Philippe Richter Besoin de plus d\u2019informations&nbsp;? Vous souhaitez parler avec notre \u00e9quipe&nbsp;? Contactez-nous Notre approche Cura Vita a pour objectif de proposer un enseignement de formation continue dans plusieurs domaines dont le principal est la nutrition-nutrith\u00e9rapie. Pour compl\u00e9ter son offre d\u2019enseignement et dans le m\u00eame objectif de sant\u00e9 optimale, Cura Vita propose un enseignement de formation continue en Hypnose. Concernant la nutrith\u00e9rapie, les cours et l\u2019organisation logistique sont propos\u00e9s en collaboration directe avec le CERDEN\u00ae, Centre Europ\u00e9en pour la Recherche, le D\u00e9veloppement et l\u2019Enseignement de a Nutrition et de la Nutrith\u00e9rapie (M\u00e9decine Nutritionnelle) &#8211; CERDEN\u00ae &#8211; Association Internationale de type scientifique (membre FAIB). Cura Vita agit notamment : par la formation des professionnels de la sant\u00e9 (organisation de s\u00e9minaires de formation, de post-graduates, de journ\u00e9es scientifiques, constitution d\u2019une banque de donn\u00e9es actualis\u00e9e en permanence, &#8230;), par l\u2019information du grand public (formation professionnelle, conf\u00e9rences, distribution de documents d\u2019information, &#8230;), par la sensibilisation des organismes concern\u00e9s par la sant\u00e9 publique et par la stimulation de la recherche en nutrition, en nutrith\u00e9rapie, mais aussi en Hypnose.<\/p>\n","protected":false},"author":1,"featured_media":0,"parent":0,"menu_order":0,"comment_status":"closed","ping_status":"closed","template":"elementor_header_footer","meta":{"footnotes":""},"class_list":["post-757","page","type-page","status-publish","hentry"],"yoast_head":"<!-- This site is optimized with the Yoast SEO plugin v25.9 - https:\/\/yoast.com\/wordpress\/plugins\/seo\/ -->\n<title>Qui sommes-nous ? - CURA VITA<\/title>\n<meta name=\"description\" content=\"Cura Vita est un organisme de formation sp\u00e9cialis\u00e9 dans la nutrith\u00e9rapie et l&#039;hypnose, dont un dipl\u00f4me de Nutrith\u00e9rapeute certifi\u00e9 Cerden.\" \/>\n<meta name=\"robots\" content=\"index, follow, max-snippet:-1, max-image-preview:large, max-video-preview:-1\" \/>\n<link rel=\"canonical\" href=\"https:\/\/cura-vita.school\/index.php\/cura-vita\/\" \/>\n<meta property=\"og:locale\" content=\"en_US\" \/>\n<meta property=\"og:type\" content=\"article\" \/>\n<meta property=\"og:title\" content=\"Qui sommes-nous ? - CURA VITA\" \/>\n<meta property=\"og:description\" content=\"Cura Vita est un organisme de formation sp\u00e9cialis\u00e9 dans la nutrith\u00e9rapie et l&#039;hypnose, dont un dipl\u00f4me de Nutrith\u00e9rapeute certifi\u00e9 Cerden.\" \/>\n<meta property=\"og:url\" content=\"https:\/\/cura-vita.school\/index.php\/cura-vita\/\" \/>\n<meta property=\"og:site_name\" content=\"CURA VITA\" \/>\n<meta property=\"article:modified_time\" content=\"2023-11-28T16:18:55+00:00\" \/>\n<meta property=\"og:image\" content=\"https:\/\/cura-vita.school\/wp-content\/uploads\/2023\/11\/JP-Richter-683x1024.webp\" \/>\n<meta name=\"twitter:card\" content=\"summary_large_image\" \/>\n<meta name=\"twitter:label1\" content=\"Est. reading time\" \/>\n\t<meta name=\"twitter:data1\" content=\"2 minutes\" \/>\n<script type=\"application\/ld+json\" class=\"yoast-schema-graph\">{\"@context\":\"https:\/\/schema.org\",\"@graph\":[{\"@type\":\"WebPage\",\"@id\":\"https:\/\/cura-vita.school\/index.php\/cura-vita\/\",\"url\":\"https:\/\/cura-vita.school\/index.php\/cura-vita\/\",\"name\":\"Qui sommes-nous ? - CURA VITA\",\"isPartOf\":{\"@id\":\"https:\/\/cura-vita.school\/#website\"},\"primaryImageOfPage\":{\"@id\":\"https:\/\/cura-vita.school\/index.php\/cura-vita\/#primaryimage\"},\"image\":{\"@id\":\"https:\/\/cura-vita.school\/index.php\/cura-vita\/#primaryimage\"},\"thumbnailUrl\":\"https:\/\/cura-vita.school\/wp-content\/uploads\/2023\/11\/JP-Richter-683x1024.webp\",\"datePublished\":\"2023-11-17T10:41:12+00:00\",\"dateModified\":\"2023-11-28T16:18:55+00:00\",\"description\":\"Cura Vita est un organisme de formation sp\u00e9cialis\u00e9 dans la nutrith\u00e9rapie et l'hypnose, dont un dipl\u00f4me de Nutrith\u00e9rapeute certifi\u00e9 Cerden.\",\"breadcrumb\":{\"@id\":\"https:\/\/cura-vita.school\/index.php\/cura-vita\/#breadcrumb\"},\"inLanguage\":\"en-US\",\"potentialAction\":[{\"@type\":\"ReadAction\",\"target\":[\"https:\/\/cura-vita.school\/index.php\/cura-vita\/\"]}]},{\"@type\":\"ImageObject\",\"inLanguage\":\"en-US\",\"@id\":\"https:\/\/cura-vita.school\/index.php\/cura-vita\/#primaryimage\",\"url\":\"https:\/\/cura-vita.school\/wp-content\/uploads\/2023\/11\/JP-Richter-scaled.webp\",\"contentUrl\":\"https:\/\/cura-vita.school\/wp-content\/uploads\/2023\/11\/JP-Richter-scaled.webp\",\"width\":1708,\"height\":2560,\"caption\":\"Docteur Richter\"},{\"@type\":\"BreadcrumbList\",\"@id\":\"https:\/\/cura-vita.school\/index.php\/cura-vita\/#breadcrumb\",\"itemListElement\":[{\"@type\":\"ListItem\",\"position\":1,\"name\":\"Accueil\",\"item\":\"https:\/\/cura-vita.school\/\"},{\"@type\":\"ListItem\",\"position\":2,\"name\":\"Qui sommes-nous ?\"}]},{\"@type\":\"WebSite\",\"@id\":\"https:\/\/cura-vita.school\/#website\",\"url\":\"https:\/\/cura-vita.school\/\",\"name\":\"CURA VITA\",\"description\":\"Enseignement M\u00e9dico Nutritionnel et Alternatif\",\"potentialAction\":[{\"@type\":\"SearchAction\",\"target\":{\"@type\":\"EntryPoint\",\"urlTemplate\":\"https:\/\/cura-vita.school\/?s={search_term_string}\"},\"query-input\":{\"@type\":\"PropertyValueSpecification\",\"valueRequired\":true,\"valueName\":\"search_term_string\"}}],\"inLanguage\":\"en-US\"}]}<\/script>\n<!-- \/ Yoast SEO plugin. -->","yoast_head_json":{"title":"Qui sommes-nous ? - CURA VITA","description":"Cura Vita est un organisme de formation sp\u00e9cialis\u00e9 dans la nutrith\u00e9rapie et l'hypnose, dont un dipl\u00f4me de Nutrith\u00e9rapeute certifi\u00e9 Cerden.","robots":{"index":"index","follow":"follow","max-snippet":"max-snippet:-1","max-image-preview":"max-image-preview:large","max-video-preview":"max-video-preview:-1"},"canonical":"https:\/\/cura-vita.school\/index.php\/cura-vita\/","og_locale":"en_US","og_type":"article","og_title":"Qui sommes-nous ? - CURA VITA","og_description":"Cura Vita est un organisme de formation sp\u00e9cialis\u00e9 dans la nutrith\u00e9rapie et l'hypnose, dont un dipl\u00f4me de Nutrith\u00e9rapeute certifi\u00e9 Cerden.","og_url":"https:\/\/cura-vita.school\/index.php\/cura-vita\/","og_site_name":"CURA VITA","article_modified_time":"2023-11-28T16:18:55+00:00","og_image":[{"url":"https:\/\/cura-vita.school\/wp-content\/uploads\/2023\/11\/JP-Richter-683x1024.webp","type":"","width":"","height":""}],"twitter_card":"summary_large_image","twitter_misc":{"Est. reading time":"2 minutes"},"schema":{"@context":"https:\/\/schema.org","@graph":[{"@type":"WebPage","@id":"https:\/\/cura-vita.school\/index.php\/cura-vita\/","url":"https:\/\/cura-vita.school\/index.php\/cura-vita\/","name":"Qui sommes-nous ? - CURA VITA","isPartOf":{"@id":"https:\/\/cura-vita.school\/#website"},"primaryImageOfPage":{"@id":"https:\/\/cura-vita.school\/index.php\/cura-vita\/#primaryimage"},"image":{"@id":"https:\/\/cura-vita.school\/index.php\/cura-vita\/#primaryimage"},"thumbnailUrl":"https:\/\/cura-vita.school\/wp-content\/uploads\/2023\/11\/JP-Richter-683x1024.webp","datePublished":"2023-11-17T10:41:12+00:00","dateModified":"2023-11-28T16:18:55+00:00","description":"Cura Vita est un organisme de formation sp\u00e9cialis\u00e9 dans la nutrith\u00e9rapie et l'hypnose, dont un dipl\u00f4me de Nutrith\u00e9rapeute certifi\u00e9 Cerden.","breadcrumb":{"@id":"https:\/\/cura-vita.school\/index.php\/cura-vita\/#breadcrumb"},"inLanguage":"en-US","potentialAction":[{"@type":"ReadAction","target":["https:\/\/cura-vita.school\/index.php\/cura-vita\/"]}]},{"@type":"ImageObject","inLanguage":"en-US","@id":"https:\/\/cura-vita.school\/index.php\/cura-vita\/#primaryimage","url":"https:\/\/cura-vita.school\/wp-content\/uploads\/2023\/11\/JP-Richter-scaled.webp","contentUrl":"https:\/\/cura-vita.school\/wp-content\/uploads\/2023\/11\/JP-Richter-scaled.webp","width":1708,"height":2560,"caption":"Docteur Richter"},{"@type":"BreadcrumbList","@id":"https:\/\/cura-vita.school\/index.php\/cura-vita\/#breadcrumb","itemListElement":[{"@type":"ListItem","position":1,"name":"Accueil","item":"https:\/\/cura-vita.school\/"},{"@type":"ListItem","position":2,"name":"Qui sommes-nous ?"}]},{"@type":"WebSite","@id":"https:\/\/cura-vita.school\/#website","url":"https:\/\/cura-vita.school\/","name":"CURA VITA","description":"Enseignement M\u00e9dico Nutritionnel et Alternatif","potentialAction":[{"@type":"SearchAction","target":{"@type":"EntryPoint","urlTemplate":"https:\/\/cura-vita.school\/?s={search_term_string}"},"query-input":{"@type":"PropertyValueSpecification","valueRequired":true,"valueName":"search_term_string"}}],"inLanguage":"en-US"}]}},"_links":{"self":[{"href":"https:\/\/cura-vita.school\/index.php\/wp-json\/wp\/v2\/pages\/757","targetHints":{"allow":["GET"]}}],"collection":[{"href":"https:\/\/cura-vita.school\/index.php\/wp-json\/wp\/v2\/pages"}],"about":[{"href":"https:\/\/cura-vita.school\/index.php\/wp-json\/wp\/v2\/types\/page"}],"author":[{"embeddable":true,"href":"https:\/\/cura-vita.school\/index.php\/wp-json\/wp\/v2\/users\/1"}],"replies":[{"embeddable":true,"href":"https:\/\/cura-vita.school\/index.php\/wp-json\/wp\/v2\/comments?post=757"}],"version-history":[{"count":26,"href":"https:\/\/cura-vita.school\/index.php\/wp-json\/wp\/v2\/pages\/757\/revisions"}],"predecessor-version":[{"id":1140,"href":"https:\/\/cura-vita.school\/index.php\/wp-json\/wp\/v2\/pages\/757\/revisions\/1140"}],"wp:attachment":[{"href":"https:\/\/cura-vita.school\/index.php\/wp-json\/wp\/v2\/media?parent=757"}],"curies":[{"name":"wp","href":"https:\/\/api.w.org\/{rel}","templated":true}]}}